{"id":6271,"date":"2022-07-27T12:39:09","date_gmt":"2022-07-27T10:39:09","guid":{"rendered":"https:\/\/www.sunstyle.com\/?post_type=sun_perspectives&#038;p=6271"},"modified":"2022-08-23T20:34:42","modified_gmt":"2022-08-23T18:34:42","slug":"la-commission-europeenne-veut-exploiter-immense-potentiel-toitures-solaires","status":"publish","type":"sun_perspectives","link":"https:\/\/www.sunstyle.com\/fr\/perspectives\/la-commission-europeenne-veut-exploiter-immense-potentiel-toitures-solaires\/","title":{"rendered":"La Commission europ\u00e9enne veut exploiter l\u2019immense potentiel des toitures solaires"},"content":{"rendered":"[vc_row type=\u00a0\u00bbfull_width_background\u00a0\u00bb full_screen_row_position=\u00a0\u00bbmiddle\u00a0\u00bb column_margin=\u00a0\u00bbdefault\u00a0\u00bb column_direction=\u00a0\u00bbdefault\u00a0\u00bb column_direction_tablet=\u00a0\u00bbdefault\u00a0\u00bb column_direction_phone=\u00a0\u00bbdefault\u00a0\u00bb bg_color=\u00a0\u00bb#000000&Prime; scene_position=\u00a0\u00bbcenter\u00a0\u00bb top_padding=\u00a0\u00bb50&Prime; bottom_padding=\u00a0\u00bb100&Prime; bottom_padding_phone=\u00a0\u00bb50&Prime; text_color=\u00a0\u00bbcustom\u00a0\u00bb custom_text_color=\u00a0\u00bb#ffd200&Prime; text_align=\u00a0\u00bbleft\u00a0\u00bb row_border_radius=\u00a0\u00bbnone\u00a0\u00bb row_border_radius_applies=\u00a0\u00bbbg\u00a0\u00bb overflow=\u00a0\u00bbvisible\u00a0\u00bb overlay_strength=\u00a0\u00bb0.3&Prime; gradient_direction=\u00a0\u00bbleft_to_right\u00a0\u00bb enable_shape_divider=\u00a0\u00bbtrue\u00a0\u00bb shape_divider_position=\u00a0\u00bbbottom\u00a0\u00bb shape_divider_height=\u00a0\u00bb100&Prime; bg_image_animation=\u00a0\u00bbnone\u00a0\u00bb shape_type=\u00a0\u00bbtilt_alt\u00a0\u00bb][vc_column column_padding=\u00a0\u00bbno-extra-padding\u00a0\u00bb column_padding_tablet=\u00a0\u00bbinherit\u00a0\u00bb column_padding_phone=\u00a0\u00bbinherit\u00a0\u00bb column_padding_position=\u00a0\u00bball\u00a0\u00bb column_element_spacing=\u00a0\u00bbdefault\u00a0\u00bb background_color_opacity=\u00a0\u00bb1&Prime; background_hover_color_opacity=\u00a0\u00bb1&Prime; column_shadow=\u00a0\u00bbnone\u00a0\u00bb column_border_radius=\u00a0\u00bbnone\u00a0\u00bb column_link_target=\u00a0\u00bb_self\u00a0\u00bb column_position=\u00a0\u00bbdefault\u00a0\u00bb gradient_direction=\u00a0\u00bbleft_to_right\u00a0\u00bb overlay_strength=\u00a0\u00bb0.3&Prime; width=\u00a0\u00bb1\/1&Prime; tablet_width_inherit=\u00a0\u00bbdefault\u00a0\u00bb tablet_text_alignment=\u00a0\u00bbdefault\u00a0\u00bb phone_text_alignment=\u00a0\u00bbdefault\u00a0\u00bb animation_type=\u00a0\u00bbdefault\u00a0\u00bb bg_image_animation=\u00a0\u00bbnone\u00a0\u00bb border_type=\u00a0\u00bbsimple\u00a0\u00bb column_border_width=\u00a0\u00bbnone\u00a0\u00bb column_border_style=\u00a0\u00bbsolid\u00a0\u00bb][vc_column_text]Le constat est simple : 90% des toits de l\u2019UE ne sont pas utilis\u00e9s alors qu\u2019ils pourraient contribuer tr\u00e8s largement \u00e0 lutter contre le d\u00e9r\u00e8glement climatique s\u2019ils \u00e9taient transform\u00e9s en toitures solaires.[\/vc_column_text][\/vc_column][\/vc_row][vc_row type=\u00a0\u00bbin_container\u00a0\u00bb full_screen_row_position=\u00a0\u00bbmiddle\u00a0\u00bb column_margin=\u00a0\u00bbdefault\u00a0\u00bb column_direction=\u00a0\u00bbdefault\u00a0\u00bb column_direction_tablet=\u00a0\u00bbdefault\u00a0\u00bb column_direction_phone=\u00a0\u00bbdefault\u00a0\u00bb scene_position=\u00a0\u00bbcenter\u00a0\u00bb top_padding=\u00a0\u00bb50&Prime; text_color=\u00a0\u00bbdark\u00a0\u00bb text_align=\u00a0\u00bbleft\u00a0\u00bb row_border_radius=\u00a0\u00bbnone\u00a0\u00bb row_border_radius_applies=\u00a0\u00bbbg\u00a0\u00bb overflow=\u00a0\u00bbvisible\u00a0\u00bb overlay_strength=\u00a0\u00bb0.3&Prime; gradient_direction=\u00a0\u00bbleft_to_right\u00a0\u00bb shape_divider_position=\u00a0\u00bbbottom\u00a0\u00bb bg_image_animation=\u00a0\u00bbnone\u00a0\u00bb shape_type=\u00a0\u00bb\u00a0\u00bb][vc_column column_padding=\u00a0\u00bbno-extra-padding\u00a0\u00bb column_padding_tablet=\u00a0\u00bbinherit\u00a0\u00bb column_padding_phone=\u00a0\u00bbinherit\u00a0\u00bb column_padding_position=\u00a0\u00bball\u00a0\u00bb column_element_spacing=\u00a0\u00bbdefault\u00a0\u00bb background_color_opacity=\u00a0\u00bb1&Prime; background_hover_color_opacity=\u00a0\u00bb1&Prime; column_shadow=\u00a0\u00bbnone\u00a0\u00bb column_border_radius=\u00a0\u00bbnone\u00a0\u00bb column_link_target=\u00a0\u00bb_self\u00a0\u00bb column_position=\u00a0\u00bbdefault\u00a0\u00bb gradient_direction=\u00a0\u00bbleft_to_right\u00a0\u00bb overlay_strength=\u00a0\u00bb0.3&Prime; width=\u00a0\u00bb1\/1&Prime; tablet_width_inherit=\u00a0\u00bbdefault\u00a0\u00bb tablet_text_alignment=\u00a0\u00bbdefault\u00a0\u00bb phone_text_alignment=\u00a0\u00bbdefault\u00a0\u00bb animation_type=\u00a0\u00bbdefault\u00a0\u00bb bg_image_animation=\u00a0\u00bbnone\u00a0\u00bb border_type=\u00a0\u00bbsimple\u00a0\u00bb column_border_width=\u00a0\u00bbnone\u00a0\u00bb column_border_style=\u00a0\u00bbsolid\u00a0\u00bb][vc_column_text]\n<h2><span style=\"color: #ff6400;\">D\u00e9velopper en priorit\u00e9 l\u2019\u00e9nergie solaire<\/span><\/h2>\n<p>Dans le cadre de sa strat\u00e9gie REPowerEU, la Commission europ\u00e9enne a r\u00e9cemment annonc\u00e9 vouloir porter son objectif en mati\u00e8re d\u2019\u00e9nergies renouvelables pour 2030 de 40 \u00e0 45 %. Une acc\u00e9l\u00e9ration des autorisations d\u00e9livr\u00e9es pour les projets d\u2019\u00e9nergie renouvelable doit \u00eatre un levier essentiel dans la r\u00e9alisation de cet objectif.<\/p>\n<p>Pour atteindre cet objectif, la Commission europ\u00e9enne compte s\u2019appuyer en priorit\u00e9 sur l\u2019\u00e9nergie solaire :<\/p>\n<p><em>\u201cD&rsquo;ici 2030, la part des \u00e9nergies \u00e9olienne et solaire dans les capacit\u00e9s de production d&rsquo;\u00e9lectricit\u00e9 devrait doubler, passant du niveau actuel de 33 % \u00e0 67 %. Et d&rsquo;ici l\u00e0, l&rsquo;\u00e9nergie solaire sera \u00e9galement la principale source d&rsquo;\u00e9lectricit\u00e9 dans l&rsquo;UE, plus de la moiti\u00e9 provenant des toits.\u201d <\/em>a annonc\u00e9 Kadri Simson, Commissaire europ\u00e9en \u00e0 l\u2019\u00e9nergie.<em><br \/>\n<\/em>[\/vc_column_text][image_with_animation image_url=\u00a0\u00bb6272&Prime; image_size=\u00a0\u00bblarge\u00a0\u00bb animation_type=\u00a0\u00bbentrance\u00a0\u00bb animation=\u00a0\u00bbNone\u00a0\u00bb hover_animation=\u00a0\u00bbnone\u00a0\u00bb alignment=\u00a0\u00bbcenter\u00a0\u00bb border_radius=\u00a0\u00bbnone\u00a0\u00bb box_shadow=\u00a0\u00bbnone\u00a0\u00bb image_loading=\u00a0\u00bbdefault\u00a0\u00bb max_width=\u00a0\u00bb100%\u00a0\u00bb max_width_mobile=\u00a0\u00bbdefault\u00a0\u00bb][vc_column_text css=\u00a0\u00bb.vc_custom_1658917649157{margin-top: -15px !important;}\u00a0\u00bb]\n<p style=\"text-align: center;\"><span style=\"font-size: 10pt;\"><em>Source : <a href=\"https:\/\/www.solarpowereurope.org\/advocacy\/eu-solar-strategy\" target=\"_blank\" rel=\"noopener\">SolarPowerEurope<\/a><\/em><\/span><\/p>\n[\/vc_column_text][vc_column_text]\n<p>La strat\u00e9gie europ\u00e9enne tourne autour de 3 axes :<\/p>\n<ul>\n<li>Le d\u00e9ploiement facilit\u00e9 des toitures solaires et du photovolta\u00efque<\/li>\n<li>L\u2019acc\u00e8s \u00e0 des produits solaires recyclables<\/li>\n<li>Le renforcement de la coop\u00e9ration europ\u00e9enne dans le domaine de l\u2019\u00e9nergie solaire<\/li>\n<\/ul>\n<h2><span style=\"color: #ff6400;\">Exploiter les toitures solaires en Europe<\/span><\/h2>\n<p>Ursula von der Leyen, Pr\u00e9sidente de la Commission europ\u00e9enne, a pr\u00e9sent\u00e9 une nouvelle initiative europ\u00e9enne sur les toitures solaires visant \u00e0 ajouter 58 TWh d\u2019ici 2025.<br \/>\nPour atteindre cet objectif, l\u2019initiative pr\u00e9voit l&rsquo;obligation de d\u00e9ployer rapidement les installations solaires (panneaux ou tuiles solaires) selon le calendrier suivant :<\/p>\n<ul>\n<li>Sur tous les nouveaux b\u00e2timents publics et commerciaux (d\u2019une surface utile de plus de 250 m2) d\u2019ici 2026.<\/li>\n<li>Sur tous les b\u00e2timents publics et commerciaux (d\u2019une surface utile de plus de 250 m2) existants d\u2019ici 2027.<\/li>\n<li>Sur tous les nouveaux b\u00e2timents r\u00e9sidentiels d\u2019ici 2029.<\/li>\n<\/ul>\n<p>Bien entendu, SunStyle se f\u00e9licite de cette nouvelle directive, dans laquelle notre action s\u2019inscrit parfaitement depuis des ann\u00e9es sur le territoire europ\u00e9en. SunStyle est au rendez-vous de cette volont\u00e9 europ\u00e9enne d\u2019acc\u00e9l\u00e9ration vers la transition \u00e9nerg\u00e9tique.[\/vc_column_text][vc_column_text]Vous souhaitez \u00e9galement investir dans l&rsquo;\u00e9nergie solaire ? Nos conseillers sont l\u00e0 pour vous guider.[\/vc_column_text][vc_row_inner column_margin=\u00a0\u00bbdefault\u00a0\u00bb column_direction=\u00a0\u00bbdefault\u00a0\u00bb column_direction_tablet=\u00a0\u00bbdefault\u00a0\u00bb column_direction_phone=\u00a0\u00bbdefault\u00a0\u00bb text_align=\u00a0\u00bbcenter\u00a0\u00bb row_position=\u00a0\u00bbdefault\u00a0\u00bb row_position_tablet=\u00a0\u00bbinherit\u00a0\u00bb row_position_phone=\u00a0\u00bbinherit\u00a0\u00bb overflow=\u00a0\u00bbvisible\u00a0\u00bb pointer_events=\u00a0\u00bball\u00a0\u00bb][vc_column_inner column_padding=\u00a0\u00bbno-extra-padding\u00a0\u00bb column_padding_tablet=\u00a0\u00bbinherit\u00a0\u00bb column_padding_phone=\u00a0\u00bbinherit\u00a0\u00bb column_padding_position=\u00a0\u00bball\u00a0\u00bb column_element_spacing=\u00a0\u00bbdefault\u00a0\u00bb background_color_opacity=\u00a0\u00bb1&Prime; background_hover_color_opacity=\u00a0\u00bb1&Prime; column_shadow=\u00a0\u00bbnone\u00a0\u00bb column_border_radius=\u00a0\u00bbnone\u00a0\u00bb column_link_target=\u00a0\u00bb_self\u00a0\u00bb gradient_direction=\u00a0\u00bbleft_to_right\u00a0\u00bb overlay_strength=\u00a0\u00bb0.3&Prime; width=\u00a0\u00bb1\/1&Prime; tablet_width_inherit=\u00a0\u00bbdefault\u00a0\u00bb animation_type=\u00a0\u00bbdefault\u00a0\u00bb bg_image_animation=\u00a0\u00bbnone\u00a0\u00bb border_type=\u00a0\u00bbsimple\u00a0\u00bb column_border_width=\u00a0\u00bbnone\u00a0\u00bb column_border_style=\u00a0\u00bbsolid\u00a0\u00bb][nectar_btn size=\u00a0\u00bblarge\u00a0\u00bb button_style=\u00a0\u00bbsee-through\u00a0\u00bb button_color_2=\u00a0\u00bbextra-color-gradient-2&Prime; icon_family=\u00a0\u00bbnone\u00a0\u00bb text=\u00a0\u00bbContact\u00a0\u00bb url=\u00a0\u00bbhttps:\/\/www.sunstyle.com\/fr\/contact\/\u00a0\u00bb][\/vc_column_inner][\/vc_row_inner][\/vc_column][\/vc_row][vc_row type=\u00a0\u00bbfull_width_background\u00a0\u00bb full_screen_row_position=\u00a0\u00bbmiddle\u00a0\u00bb column_margin=\u00a0\u00bbdefault\u00a0\u00bb column_direction=\u00a0\u00bbdefault\u00a0\u00bb column_direction_tablet=\u00a0\u00bbdefault\u00a0\u00bb column_direction_phone=\u00a0\u00bbdefault\u00a0\u00bb bg_color=\u00a0\u00bb#f4f2ec\u00a0\u00bb scene_position=\u00a0\u00bbcenter\u00a0\u00bb top_padding=\u00a0\u00bb100&Prime; bottom_padding=\u00a0\u00bb50&Prime; top_padding_phone=\u00a0\u00bb50&Prime; text_color=\u00a0\u00bbdark\u00a0\u00bb text_align=\u00a0\u00bbleft\u00a0\u00bb row_border_radius=\u00a0\u00bbnone\u00a0\u00bb row_border_radius_applies=\u00a0\u00bbbg\u00a0\u00bb overflow=\u00a0\u00bbvisible\u00a0\u00bb overlay_strength=\u00a0\u00bb0.3&Prime; gradient_direction=\u00a0\u00bbleft_to_right\u00a0\u00bb enable_shape_divider=\u00a0\u00bbtrue\u00a0\u00bb shape_divider_position=\u00a0\u00bbtop\u00a0\u00bb shape_divider_height=\u00a0\u00bb100&Prime; bg_image_animation=\u00a0\u00bbnone\u00a0\u00bb shape_type=\u00a0\u00bbtilt_alt\u00a0\u00bb][vc_column column_padding=\u00a0\u00bbno-extra-padding\u00a0\u00bb column_padding_tablet=\u00a0\u00bbinherit\u00a0\u00bb column_padding_phone=\u00a0\u00bbinherit\u00a0\u00bb column_padding_position=\u00a0\u00bball\u00a0\u00bb top_margin=\u00a0\u00bb50&Prime; top_margin_tablet=\u00a0\u00bb30&Prime; top_margin_phone=\u00a0\u00bb10&Prime; column_element_spacing=\u00a0\u00bbdefault\u00a0\u00bb background_color_opacity=\u00a0\u00bb1&Prime; background_hover_color_opacity=\u00a0\u00bb1&Prime; column_shadow=\u00a0\u00bbnone\u00a0\u00bb column_border_radius=\u00a0\u00bbnone\u00a0\u00bb column_link_target=\u00a0\u00bb_self\u00a0\u00bb column_position=\u00a0\u00bbdefault\u00a0\u00bb gradient_direction=\u00a0\u00bbleft_to_right\u00a0\u00bb overlay_strength=\u00a0\u00bb0.3&Prime; width=\u00a0\u00bb1\/1&Prime; tablet_width_inherit=\u00a0\u00bbdefault\u00a0\u00bb tablet_text_alignment=\u00a0\u00bbdefault\u00a0\u00bb phone_text_alignment=\u00a0\u00bbdefault\u00a0\u00bb animation_type=\u00a0\u00bbdefault\u00a0\u00bb bg_image_animation=\u00a0\u00bbnone\u00a0\u00bb border_type=\u00a0\u00bbsimple\u00a0\u00bb column_border_width=\u00a0\u00bbnone\u00a0\u00bb column_border_style=\u00a0\u00bbsolid\u00a0\u00bb][nectar_global_section id=\u00a0\u00bb5293&Prime;][\/vc_column][\/vc_row]\n","protected":false},"excerpt":{"rendered":"<p>[vc_row type=\u00a0\u00bbfull_width_background\u00a0\u00bb full_screen_row_position=\u00a0\u00bbmiddle\u00a0\u00bb column_margin=\u00a0\u00bbdefault\u00a0\u00bb column_direction=\u00a0\u00bbdefault\u00a0\u00bb column_direction_tablet=\u00a0\u00bbdefault\u00a0\u00bb column_direction_phone=\u00a0\u00bbdefault\u00a0\u00bb bg_color=\u00a0\u00bb#000000&Prime; scene_position=\u00a0\u00bbcenter\u00a0\u00bb top_padding=\u00a0\u00bb50&Prime; bottom_padding=\u00a0\u00bb100&Prime; bottom_padding_phone=\u00a0\u00bb50&Prime; text_color=\u00a0\u00bbcustom\u00a0\u00bb custom_text_color=\u00a0\u00bb#ffd200&Prime; text_align=\u00a0\u00bbleft\u00a0\u00bb row_border_radius=\u00a0\u00bbnone\u00a0\u00bb row_border_radius_applies=\u00a0\u00bbbg\u00a0\u00bb overflow=\u00a0\u00bbvisible\u00a0\u00bb overlay_strength=\u00a0\u00bb0.3&Prime; gradient_direction=\u00a0\u00bbleft_to_right\u00a0\u00bb enable_shape_divider=\u00a0\u00bbtrue\u00a0\u00bb shape_divider_position=\u00a0\u00bbbottom\u00a0\u00bb shape_divider_height=\u00a0\u00bb100&Prime; bg_image_animation=\u00a0\u00bbnone\u00a0\u00bb shape_type=\u00a0\u00bbtilt_alt\u00a0\u00bb][vc_column column_padding=\u00a0\u00bbno-extra-padding\u00a0\u00bb column_padding_tablet=\u00a0\u00bbinherit\u00a0\u00bb column_padding_phone=\u00a0\u00bbinherit\u00a0\u00bb column_padding_position=\u00a0\u00bball\u00a0\u00bb column_element_spacing=\u00a0\u00bbdefault\u00a0\u00bb&#8230;<\/p>\n","protected":false},"author":4,"featured_media":6272,"parent":0,"comment_status":"closed","ping_status":"closed","template":"","meta":{"content-type":"","inline_featured_image":false,"footnotes":""},"sun_perspectives_categories":[206],"class_list":{"0":"post-6271","1":"sun_perspectives","2":"type-sun_perspectives","3":"status-publish","4":"has-post-thumbnail","6":"sun_perspectives_categories-connaissance-solaire"},"yoast_head":"<!-- This site is optimized with the Yoast SEO plugin v26.1.1 - https:\/\/yoast.com\/wordpress\/plugins\/seo\/ -->\n<title>La Commission europ\u00e9enne veut exploiter le potentiel des toitures solaires<\/title>\n<meta name=\"description\" content=\"90% des toits de l\u2019UE ne sont pas utilis\u00e9s alors que, transform\u00e9s en toitures solaires, ils pourraient contribuer \u00e0 lutter contre le d\u00e9r\u00e8glement climatique.\" \/>\n<meta name=\"robots\" content=\"index, follow, max-snippet:-1, max-image-preview:large, max-video-preview:-1\" \/>\n<link rel=\"canonical\" href=\"https:\/\/www.sunstyle.com\/fr\/perspectives\/la-commission-europeenne-veut-exploiter-immense-potentiel-toitures-solaires\/\" \/>\n<meta property=\"og:locale\" content=\"fr_FR\" \/>\n<meta property=\"og:type\" content=\"article\" \/>\n<meta property=\"og:title\" content=\"La Commission europ\u00e9enne veut exploiter le potentiel des toitures solaires\" \/>\n<meta property=\"og:description\" content=\"90% des toits de l\u2019UE ne sont pas utilis\u00e9s alors que, transform\u00e9s en toitures solaires, ils pourraient contribuer \u00e0 lutter contre le d\u00e9r\u00e8glement climatique.\" \/>\n<meta property=\"og:url\" content=\"https:\/\/www.sunstyle.com\/fr\/perspectives\/la-commission-europeenne-veut-exploiter-immense-potentiel-toitures-solaires\/\" \/>\n<meta property=\"og:site_name\" content=\"SunStyle\" \/>\n<meta property=\"article:modified_time\" content=\"2022-08-23T18:34:42+00:00\" \/>\n<meta property=\"og:image\" content=\"https:\/\/www.sunstyle.com\/wp-content\/uploads\/2022\/07\/simson_kadri_Sunstyle.png\" \/>\n\t<meta property=\"og:image:width\" content=\"800\" \/>\n\t<meta property=\"og:image:height\" content=\"500\" \/>\n\t<meta property=\"og:image:type\" content=\"image\/png\" \/>\n<meta name=\"twitter:card\" content=\"summary_large_image\" \/>\n<meta name=\"twitter:label1\" content=\"Dur\u00e9e de lecture estim\u00e9e\" \/>\n\t<meta name=\"twitter:data1\" content=\"3 minutes\" \/>\n<script type=\"application\/ld+json\" class=\"yoast-schema-graph\">{\"@context\":\"https:\/\/schema.org\",\"@graph\":[{\"@type\":\"WebPage\",\"@id\":\"https:\/\/www.sunstyle.com\/fr\/perspectives\/la-commission-europeenne-veut-exploiter-immense-potentiel-toitures-solaires\/\",\"url\":\"https:\/\/www.sunstyle.com\/fr\/perspectives\/la-commission-europeenne-veut-exploiter-immense-potentiel-toitures-solaires\/\",\"name\":\"La Commission europ\u00e9enne veut exploiter le potentiel des toitures solaires\",\"isPartOf\":{\"@id\":\"https:\/\/www.sunstyle.com\/#website\"},\"primaryImageOfPage\":{\"@id\":\"https:\/\/www.sunstyle.com\/fr\/perspectives\/la-commission-europeenne-veut-exploiter-immense-potentiel-toitures-solaires\/#primaryimage\"},\"image\":{\"@id\":\"https:\/\/www.sunstyle.com\/fr\/perspectives\/la-commission-europeenne-veut-exploiter-immense-potentiel-toitures-solaires\/#primaryimage\"},\"thumbnailUrl\":\"https:\/\/www.sunstyle.com\/wp-content\/uploads\/2022\/07\/simson_kadri_Sunstyle.png\",\"datePublished\":\"2022-07-27T10:39:09+00:00\",\"dateModified\":\"2022-08-23T18:34:42+00:00\",\"description\":\"90% des toits de l\u2019UE ne sont pas utilis\u00e9s alors que, transform\u00e9s en toitures solaires, ils pourraient contribuer \u00e0 lutter contre le d\u00e9r\u00e8glement climatique.\",\"breadcrumb\":{\"@id\":\"https:\/\/www.sunstyle.com\/fr\/perspectives\/la-commission-europeenne-veut-exploiter-immense-potentiel-toitures-solaires\/#breadcrumb\"},\"inLanguage\":\"fr-FR\",\"potentialAction\":[{\"@type\":\"ReadAction\",\"target\":[\"https:\/\/www.sunstyle.com\/fr\/perspectives\/la-commission-europeenne-veut-exploiter-immense-potentiel-toitures-solaires\/\"]}]},{\"@type\":\"ImageObject\",\"inLanguage\":\"fr-FR\",\"@id\":\"https:\/\/www.sunstyle.com\/fr\/perspectives\/la-commission-europeenne-veut-exploiter-immense-potentiel-toitures-solaires\/#primaryimage\",\"url\":\"https:\/\/www.sunstyle.com\/wp-content\/uploads\/2022\/07\/simson_kadri_Sunstyle.png\",\"contentUrl\":\"https:\/\/www.sunstyle.com\/wp-content\/uploads\/2022\/07\/simson_kadri_Sunstyle.png\",\"width\":800,\"height\":500,\"caption\":\"simson_kadri_Sunstyle\"},{\"@type\":\"BreadcrumbList\",\"@id\":\"https:\/\/www.sunstyle.com\/fr\/perspectives\/la-commission-europeenne-veut-exploiter-immense-potentiel-toitures-solaires\/#breadcrumb\",\"itemListElement\":[{\"@type\":\"ListItem\",\"position\":1,\"name\":\"Home\",\"item\":\"https:\/\/www.sunstyle.com\/fr\/\"},{\"@type\":\"ListItem\",\"position\":2,\"name\":\"La Commission europ\u00e9enne veut exploiter l\u2019immense potentiel des toitures solaires\"}]},{\"@type\":\"WebSite\",\"@id\":\"https:\/\/www.sunstyle.com\/#website\",\"url\":\"https:\/\/www.sunstyle.com\/\",\"name\":\"SunStyle\",\"description\":\"\",\"publisher\":{\"@id\":\"https:\/\/www.sunstyle.com\/#organization\"},\"potentialAction\":[{\"@type\":\"SearchAction\",\"target\":{\"@type\":\"EntryPoint\",\"urlTemplate\":\"https:\/\/www.sunstyle.com\/?s={search_term_string}\"},\"query-input\":{\"@type\":\"PropertyValueSpecification\",\"valueRequired\":true,\"valueName\":\"search_term_string\"}}],\"inLanguage\":\"fr-FR\"},{\"@type\":\"Organization\",\"@id\":\"https:\/\/www.sunstyle.com\/#organization\",\"name\":\"SunStyle\",\"url\":\"https:\/\/www.sunstyle.com\/\",\"logo\":{\"@type\":\"ImageObject\",\"inLanguage\":\"fr-FR\",\"@id\":\"https:\/\/www.sunstyle.com\/#\/schema\/logo\/image\/\",\"url\":\"https:\/\/www.sunstyle.com\/wp-content\/uploads\/2021\/10\/Sunstyle-logo.svg\",\"contentUrl\":\"https:\/\/www.sunstyle.com\/wp-content\/uploads\/2021\/10\/Sunstyle-logo.svg\",\"width\":\"1024\",\"height\":\"1024\",\"caption\":\"SunStyle\"},\"image\":{\"@id\":\"https:\/\/www.sunstyle.com\/#\/schema\/logo\/image\/\"}}]}<\/script>\n<!-- \/ Yoast SEO plugin. -->","yoast_head_json":{"title":"La Commission europ\u00e9enne veut exploiter le potentiel des toitures solaires","description":"90% des toits de l\u2019UE ne sont pas utilis\u00e9s alors que, transform\u00e9s en toitures solaires, ils pourraient contribuer \u00e0 lutter contre le d\u00e9r\u00e8glement climatique.","robots":{"index":"index","follow":"follow","max-snippet":"max-snippet:-1","max-image-preview":"max-image-preview:large","max-video-preview":"max-video-preview:-1"},"canonical":"https:\/\/www.sunstyle.com\/fr\/perspectives\/la-commission-europeenne-veut-exploiter-immense-potentiel-toitures-solaires\/","og_locale":"fr_FR","og_type":"article","og_title":"La Commission europ\u00e9enne veut exploiter le potentiel des toitures solaires","og_description":"90% des toits de l\u2019UE ne sont pas utilis\u00e9s alors que, transform\u00e9s en toitures solaires, ils pourraient contribuer \u00e0 lutter contre le d\u00e9r\u00e8glement climatique.","og_url":"https:\/\/www.sunstyle.com\/fr\/perspectives\/la-commission-europeenne-veut-exploiter-immense-potentiel-toitures-solaires\/","og_site_name":"SunStyle","article_modified_time":"2022-08-23T18:34:42+00:00","og_image":[{"width":800,"height":500,"url":"https:\/\/www.sunstyle.com\/wp-content\/uploads\/2022\/07\/simson_kadri_Sunstyle.png","type":"image\/png"}],"twitter_card":"summary_large_image","twitter_misc":{"Dur\u00e9e de lecture estim\u00e9e":"3 minutes"},"schema":{"@context":"https:\/\/schema.org","@graph":[{"@type":"WebPage","@id":"https:\/\/www.sunstyle.com\/fr\/perspectives\/la-commission-europeenne-veut-exploiter-immense-potentiel-toitures-solaires\/","url":"https:\/\/www.sunstyle.com\/fr\/perspectives\/la-commission-europeenne-veut-exploiter-immense-potentiel-toitures-solaires\/","name":"La Commission europ\u00e9enne veut exploiter le potentiel des toitures solaires","isPartOf":{"@id":"https:\/\/www.sunstyle.com\/#website"},"primaryImageOfPage":{"@id":"https:\/\/www.sunstyle.com\/fr\/perspectives\/la-commission-europeenne-veut-exploiter-immense-potentiel-toitures-solaires\/#primaryimage"},"image":{"@id":"https:\/\/www.sunstyle.com\/fr\/perspectives\/la-commission-europeenne-veut-exploiter-immense-potentiel-toitures-solaires\/#primaryimage"},"thumbnailUrl":"https:\/\/www.sunstyle.com\/wp-content\/uploads\/2022\/07\/simson_kadri_Sunstyle.png","datePublished":"2022-07-27T10:39:09+00:00","dateModified":"2022-08-23T18:34:42+00:00","description":"90% des toits de l\u2019UE ne sont pas utilis\u00e9s alors que, transform\u00e9s en toitures solaires, ils pourraient contribuer \u00e0 lutter contre le d\u00e9r\u00e8glement climatique.","breadcrumb":{"@id":"https:\/\/www.sunstyle.com\/fr\/perspectives\/la-commission-europeenne-veut-exploiter-immense-potentiel-toitures-solaires\/#breadcrumb"},"inLanguage":"fr-FR","potentialAction":[{"@type":"ReadAction","target":["https:\/\/www.sunstyle.com\/fr\/perspectives\/la-commission-europeenne-veut-exploiter-immense-potentiel-toitures-solaires\/"]}]},{"@type":"ImageObject","inLanguage":"fr-FR","@id":"https:\/\/www.sunstyle.com\/fr\/perspectives\/la-commission-europeenne-veut-exploiter-immense-potentiel-toitures-solaires\/#primaryimage","url":"https:\/\/www.sunstyle.com\/wp-content\/uploads\/2022\/07\/simson_kadri_Sunstyle.png","contentUrl":"https:\/\/www.sunstyle.com\/wp-content\/uploads\/2022\/07\/simson_kadri_Sunstyle.png","width":800,"height":500,"caption":"simson_kadri_Sunstyle"},{"@type":"BreadcrumbList","@id":"https:\/\/www.sunstyle.com\/fr\/perspectives\/la-commission-europeenne-veut-exploiter-immense-potentiel-toitures-solaires\/#breadcrumb","itemListElement":[{"@type":"ListItem","position":1,"name":"Home","item":"https:\/\/www.sunstyle.com\/fr\/"},{"@type":"ListItem","position":2,"name":"La Commission europ\u00e9enne veut exploiter l\u2019immense potentiel des toitures solaires"}]},{"@type":"WebSite","@id":"https:\/\/www.sunstyle.com\/#website","url":"https:\/\/www.sunstyle.com\/","name":"SunStyle","description":"","publisher":{"@id":"https:\/\/www.sunstyle.com\/#organization"},"potentialAction":[{"@type":"SearchAction","target":{"@type":"EntryPoint","urlTemplate":"https:\/\/www.sunstyle.com\/?s={search_term_string}"},"query-input":{"@type":"PropertyValueSpecification","valueRequired":true,"valueName":"search_term_string"}}],"inLanguage":"fr-FR"},{"@type":"Organization","@id":"https:\/\/www.sunstyle.com\/#organization","name":"SunStyle","url":"https:\/\/www.sunstyle.com\/","logo":{"@type":"ImageObject","inLanguage":"fr-FR","@id":"https:\/\/www.sunstyle.com\/#\/schema\/logo\/image\/","url":"https:\/\/www.sunstyle.com\/wp-content\/uploads\/2021\/10\/Sunstyle-logo.svg","contentUrl":"https:\/\/www.sunstyle.com\/wp-content\/uploads\/2021\/10\/Sunstyle-logo.svg","width":"1024","height":"1024","caption":"SunStyle"},"image":{"@id":"https:\/\/www.sunstyle.com\/#\/schema\/logo\/image\/"}}]}},"_links":{"self":[{"href":"https:\/\/www.sunstyle.com\/fr\/wp-json\/wp\/v2\/sun_perspectives\/6271","targetHints":{"allow":["GET"]}}],"collection":[{"href":"https:\/\/www.sunstyle.com\/fr\/wp-json\/wp\/v2\/sun_perspectives"}],"about":[{"href":"https:\/\/www.sunstyle.com\/fr\/wp-json\/wp\/v2\/types\/sun_perspectives"}],"author":[{"embeddable":true,"href":"https:\/\/www.sunstyle.com\/fr\/wp-json\/wp\/v2\/users\/4"}],"replies":[{"embeddable":true,"href":"https:\/\/www.sunstyle.com\/fr\/wp-json\/wp\/v2\/comments?post=6271"}],"version-history":[{"count":9,"href":"https:\/\/www.sunstyle.com\/fr\/wp-json\/wp\/v2\/sun_perspectives\/6271\/revisions"}],"predecessor-version":[{"id":6298,"href":"https:\/\/www.sunstyle.com\/fr\/wp-json\/wp\/v2\/sun_perspectives\/6271\/revisions\/6298"}],"wp:featuredmedia":[{"embeddable":true,"href":"https:\/\/www.sunstyle.com\/fr\/wp-json\/wp\/v2\/media\/6272"}],"wp:attachment":[{"href":"https:\/\/www.sunstyle.com\/fr\/wp-json\/wp\/v2\/media?parent=6271"}],"wp:term":[{"taxonomy":"sun_perspectives_categories","embeddable":true,"href":"https:\/\/www.sunstyle.com\/fr\/wp-json\/wp\/v2\/sun_perspectives_categories?post=6271"}],"curies":[{"name":"wp","href":"https:\/\/api.w.org\/{rel}","templated":true}]}}