{"id":6337,"date":"2022-08-03T14:22:52","date_gmt":"2022-08-03T12:22:52","guid":{"rendered":"https:\/\/www.sunstyle.com\/?post_type=sun_perspectives&#038;p=6337"},"modified":"2022-08-22T15:09:56","modified_gmt":"2022-08-22T13:09:56","slug":"die-europaeische-kommission-will-das-enorme-potenzial-von-solardaechern-nutzen","status":"publish","type":"sun_perspectives","link":"https:\/\/www.sunstyle.com\/de\/perspectives\/die-europaeische-kommission-will-das-enorme-potenzial-von-solardaechern-nutzen\/","title":{"rendered":"Die Europ\u00e4ische Kommission will das enorme Potenzial von Solard\u00e4chern nutzen"},"content":{"rendered":"[vc_row type=&#8220;full_width_background&#8220; full_screen_row_position=&#8220;middle&#8220; column_margin=&#8220;default&#8220; column_direction=&#8220;default&#8220; column_direction_tablet=&#8220;default&#8220; column_direction_phone=&#8220;default&#8220; bg_color=&#8220;#000000&#8243; scene_position=&#8220;center&#8220; top_padding=&#8220;50&#8243; bottom_padding=&#8220;100&#8243; bottom_padding_phone=&#8220;50&#8243; text_color=&#8220;custom&#8220; custom_text_color=&#8220;#ffd200&#8243; text_align=&#8220;left&#8220; row_border_radius=&#8220;none&#8220; row_border_radius_applies=&#8220;bg&#8220; overflow=&#8220;visible&#8220; overlay_strength=&#8220;0.3&#8243; gradient_direction=&#8220;left_to_right&#8220; enable_shape_divider=&#8220;true&#8220; shape_divider_position=&#8220;bottom&#8220; shape_divider_height=&#8220;100&#8243; bg_image_animation=&#8220;none&#8220; shape_type=&#8220;tilt_alt&#8220;][vc_column column_padding=&#8220;no-extra-padding&#8220; column_padding_tablet=&#8220;inherit&#8220; column_padding_phone=&#8220;inherit&#8220; column_padding_position=&#8220;all&#8220; column_element_spacing=&#8220;default&#8220; background_color_opacity=&#8220;1&#8243; background_hover_color_opacity=&#8220;1&#8243; column_shadow=&#8220;none&#8220; column_border_radius=&#8220;none&#8220; column_link_target=&#8220;_self&#8220; column_position=&#8220;default&#8220; gradient_direction=&#8220;left_to_right&#8220; overlay_strength=&#8220;0.3&#8243; width=&#8220;1\/1&#8243; tablet_width_inherit=&#8220;default&#8220; tablet_text_alignment=&#8220;default&#8220; phone_text_alignment=&#8220;default&#8220; animation_type=&#8220;default&#8220; bg_image_animation=&#8220;none&#8220; border_type=&#8220;simple&#8220; column_border_width=&#8220;none&#8220; column_border_style=&#8220;solid&#8220;][vc_column_text]Der Befund ist einfach: 90% der D\u00e4cher in der EU werden nicht genutzt, obwohl sie sehr viel zum Kampf gegen den Klimawandel beitragen k\u00f6nnten, wenn sie zu Solard\u00e4cher umfunktioniert w\u00fcrden.[\/vc_column_text][\/vc_column][\/vc_row][vc_row type=&#8220;in_container&#8220; full_screen_row_position=&#8220;middle&#8220; column_margin=&#8220;default&#8220; column_direction=&#8220;default&#8220; column_direction_tablet=&#8220;default&#8220; column_direction_phone=&#8220;default&#8220; scene_position=&#8220;center&#8220; top_padding=&#8220;50&#8243; text_color=&#8220;dark&#8220; text_align=&#8220;left&#8220; row_border_radius=&#8220;none&#8220; row_border_radius_applies=&#8220;bg&#8220; overflow=&#8220;visible&#8220; overlay_strength=&#8220;0.3&#8243; gradient_direction=&#8220;left_to_right&#8220; shape_divider_position=&#8220;bottom&#8220; bg_image_animation=&#8220;none&#8220; shape_type=&#8220;&#8220;][vc_column column_padding=&#8220;no-extra-padding&#8220; column_padding_tablet=&#8220;inherit&#8220; column_padding_phone=&#8220;inherit&#8220; column_padding_position=&#8220;all&#8220; column_element_spacing=&#8220;default&#8220; background_color_opacity=&#8220;1&#8243; background_hover_color_opacity=&#8220;1&#8243; column_shadow=&#8220;none&#8220; column_border_radius=&#8220;none&#8220; column_link_target=&#8220;_self&#8220; column_position=&#8220;default&#8220; gradient_direction=&#8220;left_to_right&#8220; overlay_strength=&#8220;0.3&#8243; width=&#8220;1\/1&#8243; tablet_width_inherit=&#8220;default&#8220; tablet_text_alignment=&#8220;default&#8220; phone_text_alignment=&#8220;default&#8220; animation_type=&#8220;default&#8220; bg_image_animation=&#8220;none&#8220; border_type=&#8220;simple&#8220; column_border_width=&#8220;none&#8220; column_border_style=&#8220;solid&#8220;][vc_column_text]\n<h3><span style=\"color: #ff6400;\">Entwicklung der Solarenergie<\/span><\/h3>\n<p>Im Rahmen ihrer REPowerEU-Strategie hat die Europ\u00e4ische Kommission k\u00fcrzlich angek\u00fcndigt, ihr Ziel f\u00fcr erneuerbare Energien bis 2030 von 40% auf 45% erh\u00f6hen zu wollen. Eine Beschleunigung der Genehmigungen, die f\u00fcr Projekte im Bereich erneuerbare Energien erteilt werden, soll ein wesentlicher Hebel sein, um dieses Ziel zu erreichen.<\/p>\n<p>Um dieses Ziel zu erreichen, will die Europ\u00e4ische Kommission vor allem auf die Solarenergie setzen :<\/p>\n<p><em>&#8222;Bis 2030 soll sich der Anteil von Wind- und Solarenergie an der Stromerzeugungskapazit\u00e4t von derzeit 33% auf 67% verdoppeln. Und bis dahin wird die Solarenergie auch in der EU die wichtigste Stromquelle sein, wobei mehr als die H\u00e4lfte von den Solard\u00e4chern kommt&#8220;<\/em>, k\u00fcndigte Kadri Simson, EU-Kommissar f\u00fcr Energie, an.[\/vc_column_text][image_with_animation image_url=&#8220;6275&#8243; image_size=&#8220;large&#8220; animation_type=&#8220;entrance&#8220; animation=&#8220;None&#8220; hover_animation=&#8220;none&#8220; alignment=&#8220;center&#8220; border_radius=&#8220;none&#8220; box_shadow=&#8220;none&#8220; image_loading=&#8220;default&#8220; max_width=&#8220;100%&#8220; max_width_mobile=&#8220;default&#8220;][vc_column_text]\n<p style=\"text-align: center;\"><span style=\"font-size: 10pt;\"><em>Quelle : <a href=\"https:\/\/www.solarpowereurope.org\/advocacy\/eu-solar-strategy\" target=\"_blank\" rel=\"noopener\">SolarPowerEurope<\/a><\/em><\/span><\/p>\n[\/vc_column_text][vc_column_text]Die europ\u00e4ische Strategie fokussiert sich auf drei Schwerpunkte:<\/p>\n<ul>\n<li>Die erleichterte Einf\u00fchrung von Solard\u00e4chern und Photovoltaikanlagen.<\/li>\n<li>Zugang zu recycelbaren Solarprodukten<\/li>\n<li>Die St\u00e4rkung der europ\u00e4ischen Zusammenarbeit im Bereich der Solarenergie<\/li>\n<\/ul>\n<h3><span style=\"color: #ff6400;\">Solard\u00e4cher in Europa nutzen<\/span><\/h3>\n<p>Ursula von der Leyen, Pr\u00e4sidentin der Europ\u00e4ischen Kommission, hat eine neue europ\u00e4ische Solardach-Initiative vorgestellt, mit der bis 2025 58 TWh hinzugef\u00fcgt werden sollen. Um dieses Ziel zu erreichen, sieht die Initiative eine Verpflichtung zum raschen Einsatz von Solaranlagen (Solarpaneele oder -ziegel) nach folgendem Zeitplan vor:<\/p>\n<ul>\n<li>In allen neuen \u00f6ffentlichen und gewerblichen Geb\u00e4uden (mit einer Nutzfl\u00e4che von mehr als 250 m2) bis 2026.<\/li>\n<li>In allen bestehenden \u00f6ffentlichen und gewerblichen Geb\u00e4uden (mit einer Nutzfl\u00e4che von mehr als 250 m2) bis 2027.<\/li>\n<li>In allen neuen Wohngeb\u00e4uden bis 2029.<\/li>\n<\/ul>\n<p>Nat\u00fcrlich begr\u00fcsst SunStyle diese neue Richtlinie, in deren Rahmen sich unser Handeln auf europ\u00e4ischem Boden seit Jahren perfekt einf\u00fcgt. SunStyle unterst\u00fctzt diesen europ\u00e4ischen Willen, die Energiewende zu beschleunigen.<\/p>\n<p>M\u00f6chten Sie auch in Solarenergie investieren? Wir beraten Sie gerne.[\/vc_column_text][vc_row_inner column_margin=&#8220;default&#8220; column_direction=&#8220;default&#8220; column_direction_tablet=&#8220;default&#8220; column_direction_phone=&#8220;default&#8220; text_align=&#8220;center&#8220; row_position=&#8220;default&#8220; row_position_tablet=&#8220;inherit&#8220; row_position_phone=&#8220;inherit&#8220; overflow=&#8220;visible&#8220; pointer_events=&#8220;all&#8220;][vc_column_inner column_padding=&#8220;no-extra-padding&#8220; column_padding_tablet=&#8220;inherit&#8220; column_padding_phone=&#8220;inherit&#8220; column_padding_position=&#8220;all&#8220; column_element_spacing=&#8220;default&#8220; background_color_opacity=&#8220;1&#8243; background_hover_color_opacity=&#8220;1&#8243; column_shadow=&#8220;none&#8220; column_border_radius=&#8220;none&#8220; column_link_target=&#8220;_self&#8220; gradient_direction=&#8220;left_to_right&#8220; overlay_strength=&#8220;0.3&#8243; width=&#8220;1\/1&#8243; tablet_width_inherit=&#8220;default&#8220; animation_type=&#8220;default&#8220; bg_image_animation=&#8220;none&#8220; border_type=&#8220;simple&#8220; column_border_width=&#8220;none&#8220; column_border_style=&#8220;solid&#8220;][nectar_btn size=&#8220;large&#8220; button_style=&#8220;see-through&#8220; button_color_2=&#8220;extra-color-gradient-2&#8243; icon_family=&#8220;none&#8220; text=&#8220;Kontakt&#8220; url=&#8220;\/de\/kontakt\/&#8220;][\/vc_column_inner][\/vc_row_inner][\/vc_column][\/vc_row][vc_row type=&#8220;full_width_background&#8220; full_screen_row_position=&#8220;middle&#8220; column_margin=&#8220;default&#8220; column_direction=&#8220;default&#8220; column_direction_tablet=&#8220;default&#8220; column_direction_phone=&#8220;default&#8220; bg_color=&#8220;#f4f2ec&#8220; scene_position=&#8220;center&#8220; top_padding=&#8220;100&#8243; bottom_padding=&#8220;50&#8243; top_padding_phone=&#8220;50&#8243; text_color=&#8220;dark&#8220; text_align=&#8220;left&#8220; row_border_radius=&#8220;none&#8220; row_border_radius_applies=&#8220;bg&#8220; overflow=&#8220;visible&#8220; overlay_strength=&#8220;0.3&#8243; gradient_direction=&#8220;left_to_right&#8220; enable_shape_divider=&#8220;true&#8220; shape_divider_position=&#8220;top&#8220; shape_divider_height=&#8220;100&#8243; bg_image_animation=&#8220;none&#8220; shape_type=&#8220;tilt_alt&#8220;][vc_column column_padding=&#8220;no-extra-padding&#8220; column_padding_tablet=&#8220;inherit&#8220; column_padding_phone=&#8220;inherit&#8220; column_padding_position=&#8220;all&#8220; top_margin=&#8220;50&#8243; top_margin_tablet=&#8220;30&#8243; top_margin_phone=&#8220;10&#8243; column_element_spacing=&#8220;default&#8220; background_color_opacity=&#8220;1&#8243; background_hover_color_opacity=&#8220;1&#8243; column_shadow=&#8220;none&#8220; column_border_radius=&#8220;none&#8220; column_link_target=&#8220;_self&#8220; column_position=&#8220;default&#8220; gradient_direction=&#8220;left_to_right&#8220; overlay_strength=&#8220;0.3&#8243; width=&#8220;1\/1&#8243; tablet_width_inherit=&#8220;default&#8220; tablet_text_alignment=&#8220;default&#8220; phone_text_alignment=&#8220;default&#8220; animation_type=&#8220;default&#8220; bg_image_animation=&#8220;none&#8220; border_type=&#8220;simple&#8220; column_border_width=&#8220;none&#8220; column_border_style=&#8220;solid&#8220;][nectar_global_section id=&#8220;5293&#8243;][\/vc_column][\/vc_row]\n","protected":false},"excerpt":{"rendered":"<p>[vc_row type=&#8220;full_width_background&#8220; full_screen_row_position=&#8220;middle&#8220; column_margin=&#8220;default&#8220; column_direction=&#8220;default&#8220; column_direction_tablet=&#8220;default&#8220; column_direction_phone=&#8220;default&#8220; bg_color=&#8220;#000000&#8243; scene_position=&#8220;center&#8220; top_padding=&#8220;50&#8243; bottom_padding=&#8220;100&#8243; bottom_padding_phone=&#8220;50&#8243; text_color=&#8220;custom&#8220; custom_text_color=&#8220;#ffd200&#8243; text_align=&#8220;left&#8220; row_border_radius=&#8220;none&#8220; row_border_radius_applies=&#8220;bg&#8220; overflow=&#8220;visible&#8220; overlay_strength=&#8220;0.3&#8243; gradient_direction=&#8220;left_to_right&#8220; enable_shape_divider=&#8220;true&#8220; shape_divider_position=&#8220;bottom&#8220; shape_divider_height=&#8220;100&#8243; bg_image_animation=&#8220;none&#8220; shape_type=&#8220;tilt_alt&#8220;][vc_column column_padding=&#8220;no-extra-padding&#8220; column_padding_tablet=&#8220;inherit&#8220; column_padding_phone=&#8220;inherit&#8220; column_padding_position=&#8220;all&#8220; column_element_spacing=&#8220;default&#8220;&#8230;<\/p>\n","protected":false},"author":4,"featured_media":6275,"parent":0,"comment_status":"closed","ping_status":"closed","template":"","meta":{"content-type":"","inline_featured_image":false,"footnotes":""},"sun_perspectives_categories":[207],"class_list":{"0":"post-6337","1":"sun_perspectives","2":"type-sun_perspectives","3":"status-publish","4":"has-post-thumbnail","6":"sun_perspectives_categories-solares-wissen"},"yoast_head":"<!-- This site is optimized with the Yoast SEO plugin v26.1.1 - https:\/\/yoast.com\/wordpress\/plugins\/seo\/ -->\n<title>Die Europ\u00e4ische Kommission will das Potenzial von Solard\u00e4cher nutzen<\/title>\n<meta name=\"description\" content=\"90% der D\u00e4cher in der EU werden nicht genutzt, obwohl sie sehr viel zum Kampf gegen den Klimawandel beitragen k\u00f6nnten, wenn sie als Solard\u00e4cher genutzt werden.\" \/>\n<meta name=\"robots\" content=\"index, follow, max-snippet:-1, max-image-preview:large, max-video-preview:-1\" \/>\n<link rel=\"canonical\" href=\"https:\/\/www.sunstyle.com\/de\/perspectives\/die-europaeische-kommission-will-das-enorme-potenzial-von-solardaechern-nutzen\/\" \/>\n<meta property=\"og:locale\" content=\"de_DE\" \/>\n<meta property=\"og:type\" content=\"article\" \/>\n<meta property=\"og:title\" content=\"Die Europ\u00e4ische Kommission will das Potenzial von Solard\u00e4cher nutzen\" \/>\n<meta property=\"og:description\" content=\"90% der D\u00e4cher in der EU werden nicht genutzt, obwohl sie sehr viel zum Kampf gegen den Klimawandel beitragen k\u00f6nnten, wenn sie als Solard\u00e4cher genutzt werden.\" \/>\n<meta property=\"og:url\" content=\"https:\/\/www.sunstyle.com\/de\/perspectives\/die-europaeische-kommission-will-das-enorme-potenzial-von-solardaechern-nutzen\/\" \/>\n<meta property=\"og:site_name\" content=\"SunStyle\" \/>\n<meta property=\"article:modified_time\" content=\"2022-08-22T13:09:56+00:00\" \/>\n<meta property=\"og:image\" content=\"https:\/\/www.sunstyle.com\/wp-content\/uploads\/2022\/07\/simson_kadri_Sunstyle.png\" \/>\n\t<meta property=\"og:image:width\" content=\"800\" \/>\n\t<meta property=\"og:image:height\" content=\"500\" \/>\n\t<meta property=\"og:image:type\" content=\"image\/png\" \/>\n<meta name=\"twitter:card\" content=\"summary_large_image\" \/>\n<meta name=\"twitter:label1\" content=\"Gesch\u00e4tzte Lesezeit\" \/>\n\t<meta name=\"twitter:data1\" content=\"3\u00a0Minuten\" \/>\n<script type=\"application\/ld+json\" class=\"yoast-schema-graph\">{\"@context\":\"https:\/\/schema.org\",\"@graph\":[{\"@type\":\"WebPage\",\"@id\":\"https:\/\/www.sunstyle.com\/de\/perspectives\/die-europaeische-kommission-will-das-enorme-potenzial-von-solardaechern-nutzen\/\",\"url\":\"https:\/\/www.sunstyle.com\/de\/perspectives\/die-europaeische-kommission-will-das-enorme-potenzial-von-solardaechern-nutzen\/\",\"name\":\"Die Europ\u00e4ische Kommission will das Potenzial von Solard\u00e4cher nutzen\",\"isPartOf\":{\"@id\":\"https:\/\/www.sunstyle.com\/#website\"},\"primaryImageOfPage\":{\"@id\":\"https:\/\/www.sunstyle.com\/de\/perspectives\/die-europaeische-kommission-will-das-enorme-potenzial-von-solardaechern-nutzen\/#primaryimage\"},\"image\":{\"@id\":\"https:\/\/www.sunstyle.com\/de\/perspectives\/die-europaeische-kommission-will-das-enorme-potenzial-von-solardaechern-nutzen\/#primaryimage\"},\"thumbnailUrl\":\"https:\/\/www.sunstyle.com\/wp-content\/uploads\/2022\/07\/simson_kadri_Sunstyle.png\",\"datePublished\":\"2022-08-03T12:22:52+00:00\",\"dateModified\":\"2022-08-22T13:09:56+00:00\",\"description\":\"90% der D\u00e4cher in der EU werden nicht genutzt, obwohl sie sehr viel zum Kampf gegen den Klimawandel beitragen k\u00f6nnten, wenn sie als Solard\u00e4cher genutzt werden.\",\"breadcrumb\":{\"@id\":\"https:\/\/www.sunstyle.com\/de\/perspectives\/die-europaeische-kommission-will-das-enorme-potenzial-von-solardaechern-nutzen\/#breadcrumb\"},\"inLanguage\":\"de\",\"potentialAction\":[{\"@type\":\"ReadAction\",\"target\":[\"https:\/\/www.sunstyle.com\/de\/perspectives\/die-europaeische-kommission-will-das-enorme-potenzial-von-solardaechern-nutzen\/\"]}]},{\"@type\":\"ImageObject\",\"inLanguage\":\"de\",\"@id\":\"https:\/\/www.sunstyle.com\/de\/perspectives\/die-europaeische-kommission-will-das-enorme-potenzial-von-solardaechern-nutzen\/#primaryimage\",\"url\":\"https:\/\/www.sunstyle.com\/wp-content\/uploads\/2022\/07\/simson_kadri_Sunstyle.png\",\"contentUrl\":\"https:\/\/www.sunstyle.com\/wp-content\/uploads\/2022\/07\/simson_kadri_Sunstyle.png\",\"width\":800,\"height\":500,\"caption\":\"simson_kadri_Sunstyle\"},{\"@type\":\"BreadcrumbList\",\"@id\":\"https:\/\/www.sunstyle.com\/de\/perspectives\/die-europaeische-kommission-will-das-enorme-potenzial-von-solardaechern-nutzen\/#breadcrumb\",\"itemListElement\":[{\"@type\":\"ListItem\",\"position\":1,\"name\":\"Home\",\"item\":\"https:\/\/www.sunstyle.com\/de\/\"},{\"@type\":\"ListItem\",\"position\":2,\"name\":\"Die Europ\u00e4ische Kommission will das enorme Potenzial von Solard\u00e4chern nutzen\"}]},{\"@type\":\"WebSite\",\"@id\":\"https:\/\/www.sunstyle.com\/#website\",\"url\":\"https:\/\/www.sunstyle.com\/\",\"name\":\"SunStyle\",\"description\":\"\",\"publisher\":{\"@id\":\"https:\/\/www.sunstyle.com\/#organization\"},\"potentialAction\":[{\"@type\":\"SearchAction\",\"target\":{\"@type\":\"EntryPoint\",\"urlTemplate\":\"https:\/\/www.sunstyle.com\/?s={search_term_string}\"},\"query-input\":{\"@type\":\"PropertyValueSpecification\",\"valueRequired\":true,\"valueName\":\"search_term_string\"}}],\"inLanguage\":\"de\"},{\"@type\":\"Organization\",\"@id\":\"https:\/\/www.sunstyle.com\/#organization\",\"name\":\"SunStyle\",\"url\":\"https:\/\/www.sunstyle.com\/\",\"logo\":{\"@type\":\"ImageObject\",\"inLanguage\":\"de\",\"@id\":\"https:\/\/www.sunstyle.com\/#\/schema\/logo\/image\/\",\"url\":\"https:\/\/www.sunstyle.com\/wp-content\/uploads\/2021\/10\/Sunstyle-logo.svg\",\"contentUrl\":\"https:\/\/www.sunstyle.com\/wp-content\/uploads\/2021\/10\/Sunstyle-logo.svg\",\"width\":\"1024\",\"height\":\"1024\",\"caption\":\"SunStyle\"},\"image\":{\"@id\":\"https:\/\/www.sunstyle.com\/#\/schema\/logo\/image\/\"}}]}<\/script>\n<!-- \/ Yoast SEO plugin. -->","yoast_head_json":{"title":"Die Europ\u00e4ische Kommission will das Potenzial von Solard\u00e4cher nutzen","description":"90% der D\u00e4cher in der EU werden nicht genutzt, obwohl sie sehr viel zum Kampf gegen den Klimawandel beitragen k\u00f6nnten, wenn sie als Solard\u00e4cher genutzt werden.","robots":{"index":"index","follow":"follow","max-snippet":"max-snippet:-1","max-image-preview":"max-image-preview:large","max-video-preview":"max-video-preview:-1"},"canonical":"https:\/\/www.sunstyle.com\/de\/perspectives\/die-europaeische-kommission-will-das-enorme-potenzial-von-solardaechern-nutzen\/","og_locale":"de_DE","og_type":"article","og_title":"Die Europ\u00e4ische Kommission will das Potenzial von Solard\u00e4cher nutzen","og_description":"90% der D\u00e4cher in der EU werden nicht genutzt, obwohl sie sehr viel zum Kampf gegen den Klimawandel beitragen k\u00f6nnten, wenn sie als Solard\u00e4cher genutzt werden.","og_url":"https:\/\/www.sunstyle.com\/de\/perspectives\/die-europaeische-kommission-will-das-enorme-potenzial-von-solardaechern-nutzen\/","og_site_name":"SunStyle","article_modified_time":"2022-08-22T13:09:56+00:00","og_image":[{"width":800,"height":500,"url":"https:\/\/www.sunstyle.com\/wp-content\/uploads\/2022\/07\/simson_kadri_Sunstyle.png","type":"image\/png"}],"twitter_card":"summary_large_image","twitter_misc":{"Gesch\u00e4tzte Lesezeit":"3\u00a0Minuten"},"schema":{"@context":"https:\/\/schema.org","@graph":[{"@type":"WebPage","@id":"https:\/\/www.sunstyle.com\/de\/perspectives\/die-europaeische-kommission-will-das-enorme-potenzial-von-solardaechern-nutzen\/","url":"https:\/\/www.sunstyle.com\/de\/perspectives\/die-europaeische-kommission-will-das-enorme-potenzial-von-solardaechern-nutzen\/","name":"Die Europ\u00e4ische Kommission will das Potenzial von Solard\u00e4cher nutzen","isPartOf":{"@id":"https:\/\/www.sunstyle.com\/#website"},"primaryImageOfPage":{"@id":"https:\/\/www.sunstyle.com\/de\/perspectives\/die-europaeische-kommission-will-das-enorme-potenzial-von-solardaechern-nutzen\/#primaryimage"},"image":{"@id":"https:\/\/www.sunstyle.com\/de\/perspectives\/die-europaeische-kommission-will-das-enorme-potenzial-von-solardaechern-nutzen\/#primaryimage"},"thumbnailUrl":"https:\/\/www.sunstyle.com\/wp-content\/uploads\/2022\/07\/simson_kadri_Sunstyle.png","datePublished":"2022-08-03T12:22:52+00:00","dateModified":"2022-08-22T13:09:56+00:00","description":"90% der D\u00e4cher in der EU werden nicht genutzt, obwohl sie sehr viel zum Kampf gegen den Klimawandel beitragen k\u00f6nnten, wenn sie als Solard\u00e4cher genutzt werden.","breadcrumb":{"@id":"https:\/\/www.sunstyle.com\/de\/perspectives\/die-europaeische-kommission-will-das-enorme-potenzial-von-solardaechern-nutzen\/#breadcrumb"},"inLanguage":"de","potentialAction":[{"@type":"ReadAction","target":["https:\/\/www.sunstyle.com\/de\/perspectives\/die-europaeische-kommission-will-das-enorme-potenzial-von-solardaechern-nutzen\/"]}]},{"@type":"ImageObject","inLanguage":"de","@id":"https:\/\/www.sunstyle.com\/de\/perspectives\/die-europaeische-kommission-will-das-enorme-potenzial-von-solardaechern-nutzen\/#primaryimage","url":"https:\/\/www.sunstyle.com\/wp-content\/uploads\/2022\/07\/simson_kadri_Sunstyle.png","contentUrl":"https:\/\/www.sunstyle.com\/wp-content\/uploads\/2022\/07\/simson_kadri_Sunstyle.png","width":800,"height":500,"caption":"simson_kadri_Sunstyle"},{"@type":"BreadcrumbList","@id":"https:\/\/www.sunstyle.com\/de\/perspectives\/die-europaeische-kommission-will-das-enorme-potenzial-von-solardaechern-nutzen\/#breadcrumb","itemListElement":[{"@type":"ListItem","position":1,"name":"Home","item":"https:\/\/www.sunstyle.com\/de\/"},{"@type":"ListItem","position":2,"name":"Die Europ\u00e4ische Kommission will das enorme Potenzial von Solard\u00e4chern nutzen"}]},{"@type":"WebSite","@id":"https:\/\/www.sunstyle.com\/#website","url":"https:\/\/www.sunstyle.com\/","name":"SunStyle","description":"","publisher":{"@id":"https:\/\/www.sunstyle.com\/#organization"},"potentialAction":[{"@type":"SearchAction","target":{"@type":"EntryPoint","urlTemplate":"https:\/\/www.sunstyle.com\/?s={search_term_string}"},"query-input":{"@type":"PropertyValueSpecification","valueRequired":true,"valueName":"search_term_string"}}],"inLanguage":"de"},{"@type":"Organization","@id":"https:\/\/www.sunstyle.com\/#organization","name":"SunStyle","url":"https:\/\/www.sunstyle.com\/","logo":{"@type":"ImageObject","inLanguage":"de","@id":"https:\/\/www.sunstyle.com\/#\/schema\/logo\/image\/","url":"https:\/\/www.sunstyle.com\/wp-content\/uploads\/2021\/10\/Sunstyle-logo.svg","contentUrl":"https:\/\/www.sunstyle.com\/wp-content\/uploads\/2021\/10\/Sunstyle-logo.svg","width":"1024","height":"1024","caption":"SunStyle"},"image":{"@id":"https:\/\/www.sunstyle.com\/#\/schema\/logo\/image\/"}}]}},"_links":{"self":[{"href":"https:\/\/www.sunstyle.com\/de\/wp-json\/wp\/v2\/sun_perspectives\/6337","targetHints":{"allow":["GET"]}}],"collection":[{"href":"https:\/\/www.sunstyle.com\/de\/wp-json\/wp\/v2\/sun_perspectives"}],"about":[{"href":"https:\/\/www.sunstyle.com\/de\/wp-json\/wp\/v2\/types\/sun_perspectives"}],"author":[{"embeddable":true,"href":"https:\/\/www.sunstyle.com\/de\/wp-json\/wp\/v2\/users\/4"}],"replies":[{"embeddable":true,"href":"https:\/\/www.sunstyle.com\/de\/wp-json\/wp\/v2\/comments?post=6337"}],"version-history":[{"count":2,"href":"https:\/\/www.sunstyle.com\/de\/wp-json\/wp\/v2\/sun_perspectives\/6337\/revisions"}],"predecessor-version":[{"id":6339,"href":"https:\/\/www.sunstyle.com\/de\/wp-json\/wp\/v2\/sun_perspectives\/6337\/revisions\/6339"}],"wp:featuredmedia":[{"embeddable":true,"href":"https:\/\/www.sunstyle.com\/de\/wp-json\/wp\/v2\/media\/6275"}],"wp:attachment":[{"href":"https:\/\/www.sunstyle.com\/de\/wp-json\/wp\/v2\/media?parent=6337"}],"wp:term":[{"taxonomy":"sun_perspectives_categories","embeddable":true,"href":"https:\/\/www.sunstyle.com\/de\/wp-json\/wp\/v2\/sun_perspectives_categories?post=6337"}],"curies":[{"name":"wp","href":"https:\/\/api.w.org\/{rel}","templated":true}]}}