{"id":6123,"date":"2022-07-04T17:29:50","date_gmt":"2022-07-04T15:29:50","guid":{"rendered":"https:\/\/www.sunstyle.com\/?post_type=sun_perspectives&#038;p=6123"},"modified":"2022-07-13T14:57:28","modified_gmt":"2022-07-13T12:57:28","slug":"der-europaeische-green-deal","status":"publish","type":"sun_perspectives","link":"https:\/\/www.sunstyle.com\/de\/perspectives\/der-europaeische-green-deal\/","title":{"rendered":"Der europ\u00e4ische Green Deal"},"content":{"rendered":"[vc_row type=&#8220;full_width_background&#8220; full_screen_row_position=&#8220;middle&#8220; column_margin=&#8220;default&#8220; column_direction=&#8220;default&#8220; column_direction_tablet=&#8220;default&#8220; column_direction_phone=&#8220;default&#8220; bg_color=&#8220;#000000&#8243; scene_position=&#8220;center&#8220; top_padding=&#8220;50&#8243; bottom_padding=&#8220;100&#8243; bottom_padding_phone=&#8220;50&#8243; text_color=&#8220;custom&#8220; custom_text_color=&#8220;#ffd200&#8243; text_align=&#8220;left&#8220; row_border_radius=&#8220;none&#8220; row_border_radius_applies=&#8220;bg&#8220; overflow=&#8220;visible&#8220; overlay_strength=&#8220;0.3&#8243; gradient_direction=&#8220;left_to_right&#8220; enable_shape_divider=&#8220;true&#8220; shape_divider_position=&#8220;bottom&#8220; shape_divider_height=&#8220;100&#8243; bg_image_animation=&#8220;none&#8220; shape_type=&#8220;tilt_alt&#8220;][vc_column column_padding=&#8220;no-extra-padding&#8220; column_padding_tablet=&#8220;inherit&#8220; column_padding_phone=&#8220;inherit&#8220; column_padding_position=&#8220;all&#8220; column_element_spacing=&#8220;default&#8220; background_color_opacity=&#8220;1&#8243; background_hover_color_opacity=&#8220;1&#8243; column_shadow=&#8220;none&#8220; column_border_radius=&#8220;none&#8220; column_link_target=&#8220;_self&#8220; column_position=&#8220;default&#8220; gradient_direction=&#8220;left_to_right&#8220; overlay_strength=&#8220;0.3&#8243; width=&#8220;1\/1&#8243; tablet_width_inherit=&#8220;default&#8220; tablet_text_alignment=&#8220;default&#8220; phone_text_alignment=&#8220;default&#8220; animation_type=&#8220;default&#8220; bg_image_animation=&#8220;none&#8220; border_type=&#8220;simple&#8220; column_border_width=&#8220;none&#8220; column_border_style=&#8220;solid&#8220;][vc_column_text]\n<h2>Ein gr\u00fcner Pakt f\u00fcr saubere Energie<\/h2>\n[\/vc_column_text][\/vc_column][\/vc_row][vc_row type=&#8220;in_container&#8220; full_screen_row_position=&#8220;middle&#8220; column_margin=&#8220;default&#8220; column_direction=&#8220;default&#8220; column_direction_tablet=&#8220;default&#8220; column_direction_phone=&#8220;default&#8220; scene_position=&#8220;center&#8220; top_padding=&#8220;50&#8243; text_color=&#8220;dark&#8220; text_align=&#8220;left&#8220; row_border_radius=&#8220;none&#8220; row_border_radius_applies=&#8220;bg&#8220; overflow=&#8220;visible&#8220; overlay_strength=&#8220;0.3&#8243; gradient_direction=&#8220;left_to_right&#8220; shape_divider_position=&#8220;bottom&#8220; bg_image_animation=&#8220;none&#8220; shape_type=&#8220;&#8220;][vc_column column_padding=&#8220;no-extra-padding&#8220; column_padding_tablet=&#8220;inherit&#8220; column_padding_phone=&#8220;inherit&#8220; column_padding_position=&#8220;all&#8220; column_element_spacing=&#8220;default&#8220; background_color_opacity=&#8220;1&#8243; background_hover_color_opacity=&#8220;1&#8243; column_shadow=&#8220;none&#8220; column_border_radius=&#8220;none&#8220; column_link_target=&#8220;_self&#8220; column_position=&#8220;default&#8220; gradient_direction=&#8220;left_to_right&#8220; overlay_strength=&#8220;0.3&#8243; width=&#8220;1\/1&#8243; tablet_width_inherit=&#8220;default&#8220; tablet_text_alignment=&#8220;default&#8220; phone_text_alignment=&#8220;default&#8220; animation_type=&#8220;default&#8220; bg_image_animation=&#8220;none&#8220; border_type=&#8220;simple&#8220; column_border_width=&#8220;none&#8220; column_border_style=&#8220;solid&#8220;][vc_column_text]Umweltschutz, Klimawandel und Energiewende sind Themen, die von der Europ\u00e4ischen Union und der Welt im Allgemeinen sehr ernst genommen werden. In der Tat steigen die Temperaturen auf der Erdoberfl\u00e4che aufgrund der Treibhausgase immer weiter an, die Ozeane und W\u00e4lder werden verw\u00fcstet. Ganz zu schweigen von den st\u00e4ndig steigenden Energiepreisen, die das Leben von Millionen von Menschen direkt beeinflussen. Um diesen Problemen zu begegnen, hat die EU den <strong>&#8222;Green Deal&#8220;<\/strong> ins Leben gerufen.[\/vc_column_text][image_with_animation image_url=&#8220;6064&#8243; image_size=&#8220;large&#8220; animation_type=&#8220;entrance&#8220; animation=&#8220;None&#8220; hover_animation=&#8220;none&#8220; alignment=&#8220;center&#8220; border_radius=&#8220;none&#8220; box_shadow=&#8220;none&#8220; image_loading=&#8220;default&#8220; max_width=&#8220;100%&#8220; max_width_mobile=&#8220;default&#8220; margin_top=&#8220;50&#8243; margin_bottom=&#8220;50&#8243;][vc_column_text]\n<h3><span style=\"color: #ff6400;\">Was ist der europ\u00e4ische Green Deal?<\/span><\/h3>\n<p>Der Green Deal oder Gr\u00fcne Pakt ist eine Reihe von Programmen und politischen Entscheidungen der Europ\u00e4ischen Union, die darauf abzielen, die Auswirkungen des Klimawandels auf unseren Planeten zu verringern.<\/p>\n<p>Es ist Dezember 2019, als die europ\u00e4ische Exekutive, insbesondere Ursula von der Leyen, dieses Projekt den Europaabgeordneten mit einem Ziel vorstellt: die EU in eine moderne Wirtschaft zu verwandeln, die ressourceneffizient ist, insbesondere durch saubere Energien, und gleichzeitig wettbewerbsf\u00e4hig ist.<br \/>\nDer Green Deal ist eine Reihe von politischen Massnahmen, mit denen die Verpflichtungen der EU in Bezug auf Klima, Umwelt und den \u00f6kologischen und wirtschaftlichen \u00dcbergang in die Tat umgesetzt werden sollen.<\/p>\n<h3><span style=\"color: #ff6400;\">Die Ziele des Green Deal EU<\/span><\/h3>\n<p>Das Hauptziel des EU Green Deal ist die Erreichung der <strong>CO2-Neutralit\u00e4t bis 2050.<\/strong><br \/>\nEr zielt aber auch darauf ab, das europ\u00e4ische Wirtschaftswachstum von der Nutzung externer Ressourcen abzukoppeln, Arbeitspl\u00e4tze zu schaffen und die Lebensqualit\u00e4t der B\u00fcrger zu verbessern.<\/p>\n<p>Im Juni 2021 hat die EU das europ\u00e4ische Klimagesetz endg\u00fcltig verabschiedet, und zwar als Teil des Gr\u00fcnen Pakts. Dieses Gesetz, das in den Marmor der europ\u00e4ischen Gesetzgebung gemeisselt ist, legt das Ziel der CO2-Neutralit\u00e4t der EU sowie das Zwischenziel einer 55-prozentigen Reduzierung der Treibhausgase bis 2030 fest.<br \/>\nNat\u00fcrlich f\u00fchrt der Green Deal unweigerlich \u00fcber den \u00f6kologischen und energetischen Wandel, der die Produktion von Treibhausgasen erheblich reduzieren wird. Die Entwicklung und sogar die Beschleunigung der Energiewende sind daher wesentliche Punkte des Green Deals.<br \/>\nDamit diese Ziele erreicht werden k\u00f6nnen, sind nat\u00fcrlich konkrete Handlungen erforderlich.<\/p>\n<h3><span style=\"color: #ff6400;\">Wie wird der Green Deal umgesetzt?<\/span><\/h3>\n<p>Um bis 2050 Klimaneutralit\u00e4t zu erreichen, setzt die EU ihr politisches Engagement in eine europ\u00e4ische Klimagesetzgebung um. Diese f\u00fchrt somit zu einer rechtlichen Verpflichtung und f\u00f6rdert neue Investitionen in saubere Energien und den Umweltschutz.<\/p>\n<p>Im gleichen Sinne hat die Europ\u00e4ische Kommission mehrere sektorspezifische Fahrpl\u00e4ne, wie z. B. den im M\u00e4rz 2020 verabschiedeten &#8222;\u00dcbergang zur Nachhaltigkeit&#8220; f\u00fcr KMU, sowie Arbeitsprogramme verabschiedet, in denen die j\u00e4hrlich zu erledigenden Aufgaben festgelegt werden.<\/p>\n<p>Die Europ\u00e4ische Kommission erkl\u00e4rt, dass alle Wirtschaftssektoren vom Green Deal betroffen sind. So hat sich die EU verpflichtet, in den n\u00e4chsten zehn Jahren \u00fcber 1 Billion Euro an nachhaltigen Investitionen zu mobilisieren. Diese Mittel werden unter anderem Folgendes erm\u00f6glichen:<\/p>\n<ul>\n<li>In saubere und nachhaltige Energien zu investieren<\/li>\n<li>Innovationen in der Industrie zu unterst\u00fctzen<\/li>\n<li>Entwicklung von umweltfreundlichen, sauberen privaten und \u00f6ffentlichen Verkehrsmitteln<\/li>\n<li>Die Senkung von CO2-Emissionen zu f\u00f6rdern und zu erreichen<\/li>\n<li>Enger mit internationalen Partnern zusammenzuarbeiten, um Umweltstandards zu entwickeln.<\/li>\n<li>Die Eigenproduktion von Energie zu f\u00f6rdern und die Energieeffizienz von Geb\u00e4uden zu verbessern.<\/li>\n<\/ul>\n<p>Diese Investitionen werden auch dazu beitragen, den steigenden Energiepreisen entgegenzuwirken und die wirtschaftliche Erholung nach dem Konvoi zu unterst\u00fctzen.<\/p>\n<h3><span style=\"color: #ff6400;\">Fokus auf saubere Energie: Renovierte Geb\u00e4ude mit hoher Energieeffizienz.<\/span><\/h3>\n<p>Einer der Hauptbereiche, auf die sich der Green Deal konzentriert, ist nat\u00fcrlich die Produktion von sauberer, nachhaltiger und effizienter Energie auf europ\u00e4ischer Ebene. In diesem Sinne besteht ein Teil der Strategie des Green Deal in der Renovierung von Geb\u00e4uden, um deren Energieeffizienz erheblich zu steigern. SunStyle widmet sich seit vielen Jahren der Verfolgung dieses Ziels.<\/p>\n<p>Tats\u00e4chlich erm\u00f6glichen Solarzellen oder Solarziegeln, die direkt auf dem Dach des Geb\u00e4udes angebracht werden, die Transformation in energieeffiziente Geb\u00e4ude. Mit dieser Massnahme kann der Energiehaushalt nicht nur verbessert, sondern eine autarke oder positive Energiebilanz erreicht werden. Heutzutage stellen die Solardachziegel von SunStyle eine der besten L\u00f6sungen auf dem Markt dar. Sie sind effizient, langlebig, \u00e4sthetisch ansprechend und technologisch auf dem neuesten Stand. Diese geb\u00e4udeintegrierten Photovoltaik-Dachziegel (BIPV) sind die perfekte Antwort auf steigende Energiepreise und passen direkt in das Programm des Green Deal und des \u00f6kologischen Wandels.[\/vc_column_text][\/vc_column][\/vc_row][vc_row type=&#8220;in_container&#8220; full_screen_row_position=&#8220;middle&#8220; column_margin=&#8220;default&#8220; column_direction=&#8220;default&#8220; column_direction_tablet=&#8220;default&#8220; column_direction_phone=&#8220;default&#8220; scene_position=&#8220;center&#8220; top_padding=&#8220;50&#8243; text_color=&#8220;dark&#8220; text_align=&#8220;center&#8220; row_border_radius=&#8220;none&#8220; row_border_radius_applies=&#8220;bg&#8220; overflow=&#8220;visible&#8220; advanced_gradient_angle=&#8220;0&#8243; overlay_strength=&#8220;0.3&#8243; gradient_direction=&#8220;left_to_right&#8220; shape_divider_position=&#8220;bottom&#8220; bg_image_animation=&#8220;none&#8220; shape_type=&#8220;&#8220; gradient_type=&#8220;default&#8220;][vc_column column_padding=&#8220;no-extra-padding&#8220; column_padding_tablet=&#8220;inherit&#8220; column_padding_phone=&#8220;inherit&#8220; column_padding_position=&#8220;all&#8220; column_element_spacing=&#8220;default&#8220; background_color_opacity=&#8220;1&#8243; background_hover_color_opacity=&#8220;1&#8243; column_shadow=&#8220;none&#8220; column_border_radius=&#8220;none&#8220; column_link_target=&#8220;_self&#8220; column_position=&#8220;default&#8220; gradient_direction=&#8220;left_to_right&#8220; overlay_strength=&#8220;0.3&#8243; width=&#8220;1\/1&#8243; tablet_width_inherit=&#8220;default&#8220; tablet_text_alignment=&#8220;default&#8220; phone_text_alignment=&#8220;default&#8220; animation_type=&#8220;default&#8220; bg_image_animation=&#8220;none&#8220; border_type=&#8220;simple&#8220; column_border_width=&#8220;none&#8220; column_border_style=&#8220;solid&#8220;][vc_raw_html]JTNDaWZyYW1lJTIwc3JjJTNEJTIyaHR0cHMlM0ElMkYlMkZhdWRpb3Zpc3VhbC5lYy5ldXJvcGEuZXUlMkZlbWJlZCUyRmluZGV4Lmh0bWwlM0ZyZWYlM0RJLTIwNjYxOSUyNmxnJTNESU5UJTIyJTIwaWQlM0QlMjJ2aWRlb3BsYXllciUyMiUyMHdpZHRoJTNEJTIyODUyJTIyJTIwaGVpZ2h0JTNEJTIyNDgwJTIyJTIwdGl0bGUlM0QlMjJUZWFzZXIlMjBFdXJvcGVhbiUyMEdyZWVuJTIwRGVhbCUyMHBhY2thZ2UlQzIlQTAlMjIlMjBmcmFtZWJvcmRlciUzRCUyMjAlMjIlMjBzY3JvbGxpbmclM0QlMjJubyUyMiUyMHdlYmtpdEFsbG93RnVsbFNjcmVlbiUzRCUyMnRydWUlMjIlMjBtb3phbGxvd2Z1bGxzY3JlZW4lM0QlMjJ0cnVlJTIyJTIwYWxsb3dGdWxsU2NyZWVuJTNEJTIydHJ1ZSUyMiUzRSUzQyUyRmlmcmFtZSUzRQ==[\/vc_raw_html][\/vc_column][\/vc_row][vc_row type=&#8220;full_width_background&#8220; full_screen_row_position=&#8220;middle&#8220; column_margin=&#8220;default&#8220; column_direction=&#8220;default&#8220; column_direction_tablet=&#8220;default&#8220; column_direction_phone=&#8220;default&#8220; bg_color=&#8220;#f4f2ec&#8220; scene_position=&#8220;center&#8220; top_padding=&#8220;100&#8243; bottom_padding=&#8220;50&#8243; top_padding_phone=&#8220;50&#8243; text_color=&#8220;dark&#8220; text_align=&#8220;left&#8220; row_border_radius=&#8220;none&#8220; row_border_radius_applies=&#8220;bg&#8220; overflow=&#8220;visible&#8220; overlay_strength=&#8220;0.3&#8243; gradient_direction=&#8220;left_to_right&#8220; enable_shape_divider=&#8220;true&#8220; shape_divider_position=&#8220;top&#8220; shape_divider_height=&#8220;100&#8243; bg_image_animation=&#8220;none&#8220; shape_type=&#8220;tilt_alt&#8220;][vc_column column_padding=&#8220;no-extra-padding&#8220; column_padding_tablet=&#8220;inherit&#8220; column_padding_phone=&#8220;inherit&#8220; column_padding_position=&#8220;all&#8220; top_margin=&#8220;50&#8243; top_margin_tablet=&#8220;30&#8243; top_margin_phone=&#8220;10&#8243; column_element_spacing=&#8220;default&#8220; background_color_opacity=&#8220;1&#8243; background_hover_color_opacity=&#8220;1&#8243; column_shadow=&#8220;none&#8220; column_border_radius=&#8220;none&#8220; column_link_target=&#8220;_self&#8220; column_position=&#8220;default&#8220; gradient_direction=&#8220;left_to_right&#8220; overlay_strength=&#8220;0.3&#8243; width=&#8220;1\/1&#8243; tablet_width_inherit=&#8220;default&#8220; tablet_text_alignment=&#8220;default&#8220; phone_text_alignment=&#8220;default&#8220; animation_type=&#8220;default&#8220; bg_image_animation=&#8220;none&#8220; border_type=&#8220;simple&#8220; column_border_width=&#8220;none&#8220; column_border_style=&#8220;solid&#8220;][nectar_global_section id=&#8220;5293&#8243;][\/vc_column][\/vc_row]\n","protected":false},"excerpt":{"rendered":"<p>[vc_row type=&#8220;full_width_background&#8220; full_screen_row_position=&#8220;middle&#8220; column_margin=&#8220;default&#8220; column_direction=&#8220;default&#8220; column_direction_tablet=&#8220;default&#8220; column_direction_phone=&#8220;default&#8220; bg_color=&#8220;#000000&#8243; scene_position=&#8220;center&#8220; top_padding=&#8220;50&#8243; bottom_padding=&#8220;100&#8243; bottom_padding_phone=&#8220;50&#8243; text_color=&#8220;custom&#8220; custom_text_color=&#8220;#ffd200&#8243; text_align=&#8220;left&#8220; row_border_radius=&#8220;none&#8220; row_border_radius_applies=&#8220;bg&#8220; overflow=&#8220;visible&#8220; overlay_strength=&#8220;0.3&#8243; gradient_direction=&#8220;left_to_right&#8220; enable_shape_divider=&#8220;true&#8220; shape_divider_position=&#8220;bottom&#8220; shape_divider_height=&#8220;100&#8243; bg_image_animation=&#8220;none&#8220; shape_type=&#8220;tilt_alt&#8220;][vc_column column_padding=&#8220;no-extra-padding&#8220; column_padding_tablet=&#8220;inherit&#8220; column_padding_phone=&#8220;inherit&#8220; column_padding_position=&#8220;all&#8220; column_element_spacing=&#8220;default&#8220;&#8230;<\/p>\n","protected":false},"author":4,"featured_media":6064,"parent":0,"comment_status":"closed","ping_status":"closed","template":"","meta":{"content-type":"","inline_featured_image":false,"footnotes":""},"sun_perspectives_categories":[207],"class_list":{"0":"post-6123","1":"sun_perspectives","2":"type-sun_perspectives","3":"status-publish","4":"has-post-thumbnail","6":"sun_perspectives_categories-solares-wissen"},"yoast_head":"<!-- This site is optimized with the Yoast SEO plugin v26.1.1 - https:\/\/yoast.com\/wordpress\/plugins\/seo\/ -->\n<title>Der europ\u00e4ische Green Deal - SunStyle<\/title>\n<meta name=\"description\" content=\"Green Deal - Im Jahr 2021 implementierte Europa den Gr\u00fcnen Pakt: eine Reihe von konkreten Massnahmen zur Bew\u00e4ltigung des Klimawandels.\" \/>\n<meta name=\"robots\" content=\"index, follow, max-snippet:-1, max-image-preview:large, max-video-preview:-1\" \/>\n<link rel=\"canonical\" href=\"https:\/\/www.sunstyle.com\/de\/perspectives\/der-europaeische-green-deal\/\" \/>\n<meta property=\"og:locale\" content=\"de_DE\" \/>\n<meta property=\"og:type\" content=\"article\" \/>\n<meta property=\"og:title\" content=\"Der europ\u00e4ische Green Deal - SunStyle\" \/>\n<meta property=\"og:description\" content=\"Green Deal - Im Jahr 2021 implementierte Europa den Gr\u00fcnen Pakt: eine Reihe von konkreten Massnahmen zur Bew\u00e4ltigung des Klimawandels.\" \/>\n<meta property=\"og:url\" content=\"https:\/\/www.sunstyle.com\/de\/perspectives\/der-europaeische-green-deal\/\" \/>\n<meta property=\"og:site_name\" content=\"SunStyle\" \/>\n<meta property=\"article:modified_time\" content=\"2022-07-13T12:57:28+00:00\" \/>\n<meta property=\"og:image\" content=\"https:\/\/www.sunstyle.com\/wp-content\/uploads\/2022\/06\/P048409-888244-1.jpg\" \/>\n\t<meta property=\"og:image:width\" content=\"639\" \/>\n\t<meta property=\"og:image:height\" content=\"426\" \/>\n\t<meta property=\"og:image:type\" content=\"image\/jpeg\" \/>\n<meta name=\"twitter:card\" content=\"summary_large_image\" \/>\n<meta name=\"twitter:label1\" content=\"Gesch\u00e4tzte Lesezeit\" \/>\n\t<meta name=\"twitter:data1\" content=\"4\u00a0Minuten\" \/>\n<script type=\"application\/ld+json\" class=\"yoast-schema-graph\">{\"@context\":\"https:\/\/schema.org\",\"@graph\":[{\"@type\":\"WebPage\",\"@id\":\"https:\/\/www.sunstyle.com\/de\/perspectives\/der-europaeische-green-deal\/\",\"url\":\"https:\/\/www.sunstyle.com\/de\/perspectives\/der-europaeische-green-deal\/\",\"name\":\"Der europ\u00e4ische Green Deal - SunStyle\",\"isPartOf\":{\"@id\":\"https:\/\/www.sunstyle.com\/#website\"},\"primaryImageOfPage\":{\"@id\":\"https:\/\/www.sunstyle.com\/de\/perspectives\/der-europaeische-green-deal\/#primaryimage\"},\"image\":{\"@id\":\"https:\/\/www.sunstyle.com\/de\/perspectives\/der-europaeische-green-deal\/#primaryimage\"},\"thumbnailUrl\":\"https:\/\/www.sunstyle.com\/wp-content\/uploads\/2022\/06\/P048409-888244-1.jpg\",\"datePublished\":\"2022-07-04T15:29:50+00:00\",\"dateModified\":\"2022-07-13T12:57:28+00:00\",\"description\":\"Green Deal - Im Jahr 2021 implementierte Europa den Gr\u00fcnen Pakt: eine Reihe von konkreten Massnahmen zur Bew\u00e4ltigung des Klimawandels.\",\"breadcrumb\":{\"@id\":\"https:\/\/www.sunstyle.com\/de\/perspectives\/der-europaeische-green-deal\/#breadcrumb\"},\"inLanguage\":\"de\",\"potentialAction\":[{\"@type\":\"ReadAction\",\"target\":[\"https:\/\/www.sunstyle.com\/de\/perspectives\/der-europaeische-green-deal\/\"]}]},{\"@type\":\"ImageObject\",\"inLanguage\":\"de\",\"@id\":\"https:\/\/www.sunstyle.com\/de\/perspectives\/der-europaeische-green-deal\/#primaryimage\",\"url\":\"https:\/\/www.sunstyle.com\/wp-content\/uploads\/2022\/06\/P048409-888244-1.jpg\",\"contentUrl\":\"https:\/\/www.sunstyle.com\/wp-content\/uploads\/2022\/06\/P048409-888244-1.jpg\",\"width\":639,\"height\":426,\"caption\":\"Der europ\u00e4ischen Green Deal | SunStlye\"},{\"@type\":\"BreadcrumbList\",\"@id\":\"https:\/\/www.sunstyle.com\/de\/perspectives\/der-europaeische-green-deal\/#breadcrumb\",\"itemListElement\":[{\"@type\":\"ListItem\",\"position\":1,\"name\":\"Home\",\"item\":\"https:\/\/www.sunstyle.com\/de\/\"},{\"@type\":\"ListItem\",\"position\":2,\"name\":\"Der europ\u00e4ische Green Deal\"}]},{\"@type\":\"WebSite\",\"@id\":\"https:\/\/www.sunstyle.com\/#website\",\"url\":\"https:\/\/www.sunstyle.com\/\",\"name\":\"SunStyle\",\"description\":\"\",\"publisher\":{\"@id\":\"https:\/\/www.sunstyle.com\/#organization\"},\"potentialAction\":[{\"@type\":\"SearchAction\",\"target\":{\"@type\":\"EntryPoint\",\"urlTemplate\":\"https:\/\/www.sunstyle.com\/?s={search_term_string}\"},\"query-input\":{\"@type\":\"PropertyValueSpecification\",\"valueRequired\":true,\"valueName\":\"search_term_string\"}}],\"inLanguage\":\"de\"},{\"@type\":\"Organization\",\"@id\":\"https:\/\/www.sunstyle.com\/#organization\",\"name\":\"SunStyle\",\"url\":\"https:\/\/www.sunstyle.com\/\",\"logo\":{\"@type\":\"ImageObject\",\"inLanguage\":\"de\",\"@id\":\"https:\/\/www.sunstyle.com\/#\/schema\/logo\/image\/\",\"url\":\"https:\/\/www.sunstyle.com\/wp-content\/uploads\/2021\/10\/Sunstyle-logo.svg\",\"contentUrl\":\"https:\/\/www.sunstyle.com\/wp-content\/uploads\/2021\/10\/Sunstyle-logo.svg\",\"width\":\"1024\",\"height\":\"1024\",\"caption\":\"SunStyle\"},\"image\":{\"@id\":\"https:\/\/www.sunstyle.com\/#\/schema\/logo\/image\/\"}}]}<\/script>\n<!-- \/ Yoast SEO plugin. -->","yoast_head_json":{"title":"Der europ\u00e4ische Green Deal - SunStyle","description":"Green Deal - Im Jahr 2021 implementierte Europa den Gr\u00fcnen Pakt: eine Reihe von konkreten Massnahmen zur Bew\u00e4ltigung des Klimawandels.","robots":{"index":"index","follow":"follow","max-snippet":"max-snippet:-1","max-image-preview":"max-image-preview:large","max-video-preview":"max-video-preview:-1"},"canonical":"https:\/\/www.sunstyle.com\/de\/perspectives\/der-europaeische-green-deal\/","og_locale":"de_DE","og_type":"article","og_title":"Der europ\u00e4ische Green Deal - SunStyle","og_description":"Green Deal - Im Jahr 2021 implementierte Europa den Gr\u00fcnen Pakt: eine Reihe von konkreten Massnahmen zur Bew\u00e4ltigung des Klimawandels.","og_url":"https:\/\/www.sunstyle.com\/de\/perspectives\/der-europaeische-green-deal\/","og_site_name":"SunStyle","article_modified_time":"2022-07-13T12:57:28+00:00","og_image":[{"width":639,"height":426,"url":"https:\/\/www.sunstyle.com\/wp-content\/uploads\/2022\/06\/P048409-888244-1.jpg","type":"image\/jpeg"}],"twitter_card":"summary_large_image","twitter_misc":{"Gesch\u00e4tzte Lesezeit":"4\u00a0Minuten"},"schema":{"@context":"https:\/\/schema.org","@graph":[{"@type":"WebPage","@id":"https:\/\/www.sunstyle.com\/de\/perspectives\/der-europaeische-green-deal\/","url":"https:\/\/www.sunstyle.com\/de\/perspectives\/der-europaeische-green-deal\/","name":"Der europ\u00e4ische Green Deal - SunStyle","isPartOf":{"@id":"https:\/\/www.sunstyle.com\/#website"},"primaryImageOfPage":{"@id":"https:\/\/www.sunstyle.com\/de\/perspectives\/der-europaeische-green-deal\/#primaryimage"},"image":{"@id":"https:\/\/www.sunstyle.com\/de\/perspectives\/der-europaeische-green-deal\/#primaryimage"},"thumbnailUrl":"https:\/\/www.sunstyle.com\/wp-content\/uploads\/2022\/06\/P048409-888244-1.jpg","datePublished":"2022-07-04T15:29:50+00:00","dateModified":"2022-07-13T12:57:28+00:00","description":"Green Deal - Im Jahr 2021 implementierte Europa den Gr\u00fcnen Pakt: eine Reihe von konkreten Massnahmen zur Bew\u00e4ltigung des Klimawandels.","breadcrumb":{"@id":"https:\/\/www.sunstyle.com\/de\/perspectives\/der-europaeische-green-deal\/#breadcrumb"},"inLanguage":"de","potentialAction":[{"@type":"ReadAction","target":["https:\/\/www.sunstyle.com\/de\/perspectives\/der-europaeische-green-deal\/"]}]},{"@type":"ImageObject","inLanguage":"de","@id":"https:\/\/www.sunstyle.com\/de\/perspectives\/der-europaeische-green-deal\/#primaryimage","url":"https:\/\/www.sunstyle.com\/wp-content\/uploads\/2022\/06\/P048409-888244-1.jpg","contentUrl":"https:\/\/www.sunstyle.com\/wp-content\/uploads\/2022\/06\/P048409-888244-1.jpg","width":639,"height":426,"caption":"Der europ\u00e4ischen Green Deal | SunStlye"},{"@type":"BreadcrumbList","@id":"https:\/\/www.sunstyle.com\/de\/perspectives\/der-europaeische-green-deal\/#breadcrumb","itemListElement":[{"@type":"ListItem","position":1,"name":"Home","item":"https:\/\/www.sunstyle.com\/de\/"},{"@type":"ListItem","position":2,"name":"Der europ\u00e4ische Green Deal"}]},{"@type":"WebSite","@id":"https:\/\/www.sunstyle.com\/#website","url":"https:\/\/www.sunstyle.com\/","name":"SunStyle","description":"","publisher":{"@id":"https:\/\/www.sunstyle.com\/#organization"},"potentialAction":[{"@type":"SearchAction","target":{"@type":"EntryPoint","urlTemplate":"https:\/\/www.sunstyle.com\/?s={search_term_string}"},"query-input":{"@type":"PropertyValueSpecification","valueRequired":true,"valueName":"search_term_string"}}],"inLanguage":"de"},{"@type":"Organization","@id":"https:\/\/www.sunstyle.com\/#organization","name":"SunStyle","url":"https:\/\/www.sunstyle.com\/","logo":{"@type":"ImageObject","inLanguage":"de","@id":"https:\/\/www.sunstyle.com\/#\/schema\/logo\/image\/","url":"https:\/\/www.sunstyle.com\/wp-content\/uploads\/2021\/10\/Sunstyle-logo.svg","contentUrl":"https:\/\/www.sunstyle.com\/wp-content\/uploads\/2021\/10\/Sunstyle-logo.svg","width":"1024","height":"1024","caption":"SunStyle"},"image":{"@id":"https:\/\/www.sunstyle.com\/#\/schema\/logo\/image\/"}}]}},"_links":{"self":[{"href":"https:\/\/www.sunstyle.com\/de\/wp-json\/wp\/v2\/sun_perspectives\/6123","targetHints":{"allow":["GET"]}}],"collection":[{"href":"https:\/\/www.sunstyle.com\/de\/wp-json\/wp\/v2\/sun_perspectives"}],"about":[{"href":"https:\/\/www.sunstyle.com\/de\/wp-json\/wp\/v2\/types\/sun_perspectives"}],"author":[{"embeddable":true,"href":"https:\/\/www.sunstyle.com\/de\/wp-json\/wp\/v2\/users\/4"}],"replies":[{"embeddable":true,"href":"https:\/\/www.sunstyle.com\/de\/wp-json\/wp\/v2\/comments?post=6123"}],"version-history":[{"count":4,"href":"https:\/\/www.sunstyle.com\/de\/wp-json\/wp\/v2\/sun_perspectives\/6123\/revisions"}],"predecessor-version":[{"id":6128,"href":"https:\/\/www.sunstyle.com\/de\/wp-json\/wp\/v2\/sun_perspectives\/6123\/revisions\/6128"}],"wp:featuredmedia":[{"embeddable":true,"href":"https:\/\/www.sunstyle.com\/de\/wp-json\/wp\/v2\/media\/6064"}],"wp:attachment":[{"href":"https:\/\/www.sunstyle.com\/de\/wp-json\/wp\/v2\/media?parent=6123"}],"wp:term":[{"taxonomy":"sun_perspectives_categories","embeddable":true,"href":"https:\/\/www.sunstyle.com\/de\/wp-json\/wp\/v2\/sun_perspectives_categories?post=6123"}],"curies":[{"name":"wp","href":"https:\/\/api.w.org\/{rel}","templated":true}]}}